{"id":18,"date":"2025-03-27T07:43:56","date_gmt":"2025-03-27T07:43:56","guid":{"rendered":"https:\/\/annesaussard.com\/?page_id=18"},"modified":"2025-03-28T13:48:03","modified_gmt":"2025-03-28T13:48:03","slug":"politique-confidentialite","status":"publish","type":"page","link":"https:\/\/annesaussard.com\/en\/politique-confidentialite\/","title":{"rendered":"Privacy policy"},"content":{"rendered":"<p>[et_pb_section fb_built=\u00a0\u00bb1&Prime; _builder_version=\u00a0\u00bb4.27.4&Prime; _module_preset=\u00a0\u00bbdefault\u00a0\u00bb custom_padding=\u00a0\u00bb0rem||||false|false\u00a0\u00bb global_colors_info=\u00a0\u00bb{}\u00a0\u00bb theme_builder_area=\u00a0\u00bbpost_content\u00a0\u00bb][et_pb_row _builder_version=\u00a0\u00bb4.27.4&Prime; _module_preset=\u00a0\u00bbdefault\u00a0\u00bb width=\u00a0\u00bb85%\u00a0\u00bb global_colors_info=\u00a0\u00bb{}\u00a0\u00bb theme_builder_area=\u00a0\u00bbpost_content\u00a0\u00bb][et_pb_column type=\u00a0\u00bb4_4&Prime; _builder_version=\u00a0\u00bb4.27.4&Prime; _module_preset=\u00a0\u00bbdefault\u00a0\u00bb global_colors_info=\u00a0\u00bb{}\u00a0\u00bb theme_builder_area=\u00a0\u00bbpost_content\u00a0\u00bb][et_pb_text _builder_version=\u00a0\u00bb4.27.4&Prime; _module_preset=\u00a0\u00bbdefault\u00a0\u00bb header_text_align=\u00a0\u00bbcenter\u00a0\u00bb header_font_size=\u00a0\u00bb55px\u00a0\u00bb custom_margin=\u00a0\u00bb||3rem||false|false\u00a0\u00bb custom_margin_tablet=\u00a0\u00bb||2rem||false|false\u00a0\u00bb custom_margin_phone=\u00a0\u00bb||2rem||false|false\u00a0\u00bb custom_margin_last_edited=\u00a0\u00bbon|tablet\u00a0\u00bb hover_enabled=\u00a0\u00bb0&Prime; header_font_size_tablet=\u00a0\u00bb45px\u00a0\u00bb header_font_size_phone=\u00a0\u00bb43px\u00a0\u00bb header_font_size_last_edited=\u00a0\u00bbon|phone\u00a0\u00bb global_colors_info=\u00a0\u00bb{}\u00a0\u00bb theme_builder_area=\u00a0\u00bbpost_content\u00a0\u00bb sticky_enabled=\u00a0\u00bb0&Prime;]<\/p>\n<h1>Politique de confidentialit\u00e9<\/h1>\n<p>[\/et_pb_text][et_pb_text _builder_version=\u00a0\u00bb4.27.4&Prime; _module_preset=\u00a0\u00bbdefault\u00a0\u00bb link_font=\u00a0\u00bb|600|||on|||#C27856|\u00a0\u00bb hover_enabled=\u00a0\u00bb0&Prime; global_colors_info=\u00a0\u00bb{}\u00a0\u00bb theme_builder_area=\u00a0\u00bbpost_content\u00a0\u00bb sticky_enabled=\u00a0\u00bb0&Prime;]<\/p>\n<h2>Donn\u00e9es personnelles \u2013 Gestion du site web<\/h2>\n<p>Les activit\u00e9s relatives au site web annesaussard.com entra\u00eenent des traitements de donn\u00e9es personnelles.<\/p>\n<p>Sur quoi porte la politique de confidentialit\u00e9 ?<\/p>\n<p>La pr\u00e9sente politique vous informe des caract\u00e9ristiques de ces traitements et de vos droits sur les donn\u00e9es personnelles vous concernant.<\/p>\n<p>Cette politique de confidentialit\u00e9 est r\u00e9dig\u00e9e conform\u00e9ment \u00e0 la loi n\u00b078-17 du 6 janvier 1978 (dite \u00ab Loi informatique et libert\u00e9s \u00bb ou \u00ab LIL \u00bb) et au R\u00e8glement G\u00e9n\u00e9ral sur la protection des Donn\u00e9es Personnelles (\u00ab RGDP \u00bb) n\u00b02016\/679.<\/p>\n<h2>Qui est le responsable de cette politique ?<\/h2>\n<p>Le responsable de traitement est Anne Saussard , exer\u00e7ant en entreprise individuelle.<\/p>\n<p>Les coordonn\u00e9es du responsable de traitement sont les suivantes : Walecznych 10 03-916 Varsovie .<br \/>Le responsable est joignable au num\u00e9ro suivant : 0607751157.<br \/>L&rsquo;adresse \u00e9lectronique de contact est la suivante : saussard.anne@gmail.com<\/p>\n<h2>A qui s\u2019adresse cette politique ?<\/h2>\n<p>La pr\u00e9sente politique s\u2019adresse aux usagers du site : les internautes qui naviguent sur le site.<br \/>Elle concerne \u00e9galement :<br \/>-les personnes qui nous contactent gr\u00e2ce au formulaire de contact du site<br \/>-les personnes qui prennent rendez-vous avec nous depuis un e-calendrier<\/p>\n<h2>Finalit\u00e9s (\u00e0 quoi servent les donn\u00e9es collect\u00e9es)<\/h2>\n<p>Le traitement a pour objet la gestion du site internet.<\/p>\n<p>Ce traitement permet :<br \/>-la gestion des demandes de renseignements par le formulaire de contact<br \/>-la gestion des rendez-vous (e-calendrier)<\/p>\n<h2>Base l\u00e9gale des traitements : ce qui nous donne le droit de traiter les donn\u00e9es<\/h2>\n<p>NOTE A VOTRE ATTENTION :<br \/>NOUS AVONS INDIQUE CI-DESSOUS LES BASES LEGALES QUI NOUS SEMBLAIENT LES PLUS ADAPTEES EN FONCTION DES FINALITES QUE VOUS AVEZ RENSEIGNEES.<br \/>NOUS VOUS INVITONS A VOUS ASSURER QU&rsquo;ELLES CORRESPONDENT BIEN A VOTRE SITUATION.<\/p>\n<p>Les bases l\u00e9gales des traitements sont les suivantes :<\/p>\n<ul>\n<li>pour la gestion des demandes de renseignements par le formulaire de contact, la base l\u00e9gale est l\u2019int\u00e9r\u00eat l\u00e9gitime (permettre la communication en ligne) ou l\u2019ex\u00e9cution de mesures pr\u00e9contractuelles (r\u00e9alisation de devis \u00e0 la demande des personnes)<\/li>\n<\/ul>\n<h2>Dur\u00e9e de conservation des donn\u00e9es<\/h2>\n<p>NOTE A VOTRE ATTENTION :<br \/>NOUS AVONS INDIQUE CI-DESSOUS LES DUREES MAXIMUMS QUI NOUS SEMBLAIENT LES PLUS ADAPTEES EN FONCTION DES FINALITES QUE VOUS AVEZ RENSEIGNEES.<br \/>NOUS VOUS INVITONS A VOUS ASSURER QU&rsquo;ELLES CORRESPONDENT BIEN A VOTRE SITUATION.<\/p>\n<p>Les donn\u00e9es faisant l&rsquo;objet d&rsquo;un traitement sont conserv\u00e9es pendant une dur\u00e9e n&rsquo;exc\u00e9dant pas celle n\u00e9cessaire aux finalit\u00e9s pour lesquelles elles sont enregistr\u00e9es (principe de minimisation des traitements).<\/p>\n<p>Les dur\u00e9es maximums de conservation sont les suivantes :<\/p>\n<ul>\n<li>pour la gestion des demandes de renseignements par le formulaire de contact : 3 ans \u00e0 compter de la demande<\/li>\n<\/ul>\n<h2>Donn\u00e9es trait\u00e9es<\/h2>\n<p>Le responsable de traitement traite les cat\u00e9gories de donn\u00e9es suivantes :<\/p>\n<ul>\n<li>Etat-civil, identit\u00e9, donn\u00e9es d&rsquo;identification, images (nom, pr\u00e9nom, adresse, photographie, date et lieu de naissance, etc.)<\/li>\n<\/ul>\n<h2>Caract\u00e8re obligatoire ou facultatif du recueil des donn\u00e9es<\/h2>\n<p>Les donn\u00e9es collect\u00e9es pr\u00e9sentent un caract\u00e8re obligatoire pour r\u00e9aliser les finalit\u00e9s de traitement.<\/p>\n<h2>Sources des donn\u00e9es<\/h2>\n<p>Les donn\u00e9es sont transmises directement par la personne concern\u00e9e.<\/p>\n<h2>Les destinataires des donn\u00e9es<\/h2>\n<p>En fonction de leurs besoins respectifs, sont destinataires de tout ou partie des donn\u00e9es :<\/p>\n<ul>\n<li>les personnes en charge de prestations techniques (prestataire d&rsquo;h\u00e9bergement, maintenance, s\u00e9curit\u00e9 du site)<\/li>\n<\/ul>\n<h2>Quelles sont les mesures de s\u00e9curit\u00e9 mises en place ?<\/h2>\n<p>Le responsable du traitement met en \u0153uvre les mesures techniques et organisationnelles appropri\u00e9es afin de garantir un niveau de s\u00e9curit\u00e9 adapt\u00e9 au risque.<\/p>\n<p>Le responsable du traitement prend des mesures afin de garantir que toute personne physique agissant sous l&rsquo;autorit\u00e9 du responsable du traitement ou sous celle du sous-traitant, qui a acc\u00e8s \u00e0 des donn\u00e9es \u00e0 caract\u00e8re personnel, ne les traite pas, except\u00e9 sur instruction du responsable du traitement, \u00e0 moins d&rsquo;y \u00eatre oblig\u00e9e.<\/p>\n<h2>L\u2019existence ou non d\u2019un transfert des donn\u00e9es vers un pays hors Union europ\u00e9enne et garanties associ\u00e9es<\/h2>\n<p>Le responsable du traitement ne r\u00e9alise aucun transfert de donn\u00e9es personnelles en dehors de l&rsquo;Union Europ\u00e9enne.<\/p>\n<h2>Prise de d\u00e9cision automatis\u00e9e<\/h2>\n<p>Le traitement ne pr\u00e9voit pas de prise de d\u00e9cision enti\u00e8rement automatis\u00e9e.<\/p>\n<h2>Sort des donn\u00e9es \u00e0 caract\u00e8re personnel apr\u00e8s le d\u00e9c\u00e8s &#8211; Droit d\u2019acc\u00e8s, de rectification, de suppression et de portabilit\u00e9 des donn\u00e9es<\/h2>\n<p>La personne concern\u00e9e par un traitement peut d\u00e9finir des directives relatives \u00e0 la conservation, \u00e0 l\u2019effacement et \u00e0 la communication de ses donn\u00e9es personnelles apr\u00e8s son d\u00e9c\u00e8s. Ces directives peuvent \u00eatre g\u00e9n\u00e9rales ou particuli\u00e8res.<\/p>\n<p>La personne concern\u00e9e par un traitement b\u00e9n\u00e9ficie \u00e9galement d\u2019un droit d\u2019acc\u00e8s, d\u2019opposition, de rectification, de suppression et, \u00e0 certaines conditions, de portabilit\u00e9 de ses donn\u00e9es personnelles. La personne concern\u00e9e a le droit de retirer son consentement \u00e0 tout moment si le consentement constitue la base l\u00e9gale du traitement.<\/p>\n<p>La demande devra indiquer les nom et pr\u00e9nom, adresse e-mail ou postale, de la personne concern\u00e9e, et \u00eatre sign\u00e9e et accompagn\u00e9e d\u2019un justificatif d\u2019identit\u00e9 en cours de validit\u00e9.<\/p>\n<p>Elle peut exercer ces droits en s\u2019adressant \u00e0 :<br \/>Anne Saussard <br \/>saussard.anne@gmail.com<br \/>+33(0)607751157<\/p>\n<h2>R\u00e9clamation<\/h2>\n<p>La personne concern\u00e9e par un traitement a le droit d\u2019introduire une r\u00e9clamation aupr\u00e8s de l\u2019autorit\u00e9 de contr\u00f4le (CNIL) : https:\/\/www.cnil.fr\/fr\/webform\/adresser-une-plainte<\/p>\n<p>[\/et_pb_text][\/et_pb_column][\/et_pb_row][\/et_pb_section]<\/p>\n","protected":false},"excerpt":{"rendered":"<p>Politique de confidentialit\u00e9Donn\u00e9es personnelles \u2013 Gestion du site web Les activit\u00e9s relatives au site web annesaussard.com entra\u00eenent des traitements de donn\u00e9es personnelles. Sur quoi porte la politique de confidentialit\u00e9 ? La pr\u00e9sente politique vous informe des caract\u00e9ristiques de ces traitements et de vos droits sur les donn\u00e9es personnelles vous concernant. Cette politique de confidentialit\u00e9 est [&hellip;]<\/p>\n","protected":false},"author":1,"featured_media":0,"parent":0,"menu_order":0,"comment_status":"closed","ping_status":"closed","template":"","meta":{"_et_pb_use_builder":"on","_et_pb_old_content":"","_et_gb_content_width":"","footnotes":""},"dipi_cpt_category":[],"class_list":["post-18","page","type-page","status-publish","hentry"],"yoast_head":"<!-- This site is optimized with the Yoast SEO plugin v27.5 - https:\/\/yoast.com\/product\/yoast-seo-wordpress\/ -->\n<title>Politique de confidentialit\u00e9 - Anne Saussard<\/title>\n<meta name=\"robots\" content=\"index, follow, max-snippet:-1, max-image-preview:large, max-video-preview:-1\" \/>\n<link rel=\"canonical\" href=\"https:\/\/annesaussard.com\/en\/politique-confidentialite\/\" \/>\n<meta property=\"og:locale\" content=\"en_GB\" \/>\n<meta property=\"og:type\" content=\"article\" \/>\n<meta property=\"og:title\" content=\"Politique de confidentialit\u00e9 - Anne Saussard\" \/>\n<meta property=\"og:description\" content=\"Politique de confidentialit\u00e9Donn\u00e9es personnelles \u2013 Gestion du site web Les activit\u00e9s relatives au site web annesaussard.com entra\u00eenent des traitements de donn\u00e9es personnelles. Sur quoi porte la politique de confidentialit\u00e9 ? La pr\u00e9sente politique vous informe des caract\u00e9ristiques de ces traitements et de vos droits sur les donn\u00e9es personnelles vous concernant. Cette politique de confidentialit\u00e9 est [&hellip;]\" \/>\n<meta property=\"og:url\" content=\"https:\/\/annesaussard.com\/en\/politique-confidentialite\/\" \/>\n<meta property=\"og:site_name\" content=\"Anne Saussard\" \/>\n<meta property=\"article:publisher\" content=\"https:\/\/www.facebook.com\/people\/AnneSaussardreflexologue\/61558524803595\/\" \/>\n<meta property=\"article:modified_time\" content=\"2025-03-28T13:48:03+00:00\" \/>\n<meta name=\"twitter:card\" content=\"summary_large_image\" \/>\n<meta name=\"twitter:label1\" content=\"Estimated reading time\" \/>\n\t<meta name=\"twitter:data1\" content=\"5 minutes\" \/>\n<script type=\"application\/ld+json\" class=\"yoast-schema-graph\">{\"@context\":\"https:\\\/\\\/schema.org\",\"@graph\":[{\"@type\":\"WebPage\",\"@id\":\"https:\\\/\\\/annesaussard.com\\\/politique-confidentialite\\\/\",\"url\":\"https:\\\/\\\/annesaussard.com\\\/politique-confidentialite\\\/\",\"name\":\"Politique de confidentialit\u00e9 - Anne Saussard\",\"isPartOf\":{\"@id\":\"https:\\\/\\\/annesaussard.com\\\/#website\"},\"datePublished\":\"2025-03-27T07:43:56+00:00\",\"dateModified\":\"2025-03-28T13:48:03+00:00\",\"breadcrumb\":{\"@id\":\"https:\\\/\\\/annesaussard.com\\\/politique-confidentialite\\\/#breadcrumb\"},\"inLanguage\":\"en-GB\",\"potentialAction\":[{\"@type\":\"ReadAction\",\"target\":[\"https:\\\/\\\/annesaussard.com\\\/politique-confidentialite\\\/\"]}]},{\"@type\":\"BreadcrumbList\",\"@id\":\"https:\\\/\\\/annesaussard.com\\\/politique-confidentialite\\\/#breadcrumb\",\"itemListElement\":[{\"@type\":\"ListItem\",\"position\":1,\"name\":\"Accueil\",\"item\":\"https:\\\/\\\/annesaussard.com\\\/\"},{\"@type\":\"ListItem\",\"position\":2,\"name\":\"Politique de confidentialit\u00e9\"}]},{\"@type\":\"WebSite\",\"@id\":\"https:\\\/\\\/annesaussard.com\\\/#website\",\"url\":\"https:\\\/\\\/annesaussard.com\\\/\",\"name\":\"Anne Saussard\",\"description\":\"R\u00e9flexologue \u00e0 Varsovie | Warszawa\",\"publisher\":{\"@id\":\"https:\\\/\\\/annesaussard.com\\\/#organization\"},\"potentialAction\":[{\"@type\":\"SearchAction\",\"target\":{\"@type\":\"EntryPoint\",\"urlTemplate\":\"https:\\\/\\\/annesaussard.com\\\/?s={search_term_string}\"},\"query-input\":{\"@type\":\"PropertyValueSpecification\",\"valueRequired\":true,\"valueName\":\"search_term_string\"}}],\"inLanguage\":\"en-GB\"},{\"@type\":\"Organization\",\"@id\":\"https:\\\/\\\/annesaussard.com\\\/#organization\",\"name\":\"Anne Saussard\",\"url\":\"https:\\\/\\\/annesaussard.com\\\/\",\"logo\":{\"@type\":\"ImageObject\",\"inLanguage\":\"en-GB\",\"@id\":\"https:\\\/\\\/annesaussard.com\\\/#\\\/schema\\\/logo\\\/image\\\/\",\"url\":\"https:\\\/\\\/annesaussard.com\\\/wp-content\\\/uploads\\\/2025\\\/03\\\/logo-anne-saussard-reflexologue-varsovie-Warszawa.svg\",\"contentUrl\":\"https:\\\/\\\/annesaussard.com\\\/wp-content\\\/uploads\\\/2025\\\/03\\\/logo-anne-saussard-reflexologue-varsovie-Warszawa.svg\",\"width\":1,\"height\":1,\"caption\":\"Anne Saussard\"},\"image\":{\"@id\":\"https:\\\/\\\/annesaussard.com\\\/#\\\/schema\\\/logo\\\/image\\\/\"},\"sameAs\":[\"https:\\\/\\\/www.facebook.com\\\/people\\\/AnneSaussardreflexologue\\\/61558524803595\\\/\",\"https:\\\/\\\/www.instagram.com\\\/anne_saussard.reflexologue\\\/\"]}]}<\/script>\n<!-- \/ Yoast SEO plugin. -->","yoast_head_json":{"title":"Politique de confidentialit\u00e9 - Anne Saussard","robots":{"index":"index","follow":"follow","max-snippet":"max-snippet:-1","max-image-preview":"max-image-preview:large","max-video-preview":"max-video-preview:-1"},"canonical":"https:\/\/annesaussard.com\/en\/politique-confidentialite\/","og_locale":"en_GB","og_type":"article","og_title":"Politique de confidentialit\u00e9 - Anne Saussard","og_description":"Politique de confidentialit\u00e9Donn\u00e9es personnelles \u2013 Gestion du site web Les activit\u00e9s relatives au site web annesaussard.com entra\u00eenent des traitements de donn\u00e9es personnelles. Sur quoi porte la politique de confidentialit\u00e9 ? La pr\u00e9sente politique vous informe des caract\u00e9ristiques de ces traitements et de vos droits sur les donn\u00e9es personnelles vous concernant. Cette politique de confidentialit\u00e9 est [&hellip;]","og_url":"https:\/\/annesaussard.com\/en\/politique-confidentialite\/","og_site_name":"Anne Saussard","article_publisher":"https:\/\/www.facebook.com\/people\/AnneSaussardreflexologue\/61558524803595\/","article_modified_time":"2025-03-28T13:48:03+00:00","twitter_card":"summary_large_image","twitter_misc":{"Estimated reading time":"5 minutes"},"schema":{"@context":"https:\/\/schema.org","@graph":[{"@type":"WebPage","@id":"https:\/\/annesaussard.com\/politique-confidentialite\/","url":"https:\/\/annesaussard.com\/politique-confidentialite\/","name":"Politique de confidentialit\u00e9 - Anne Saussard","isPartOf":{"@id":"https:\/\/annesaussard.com\/#website"},"datePublished":"2025-03-27T07:43:56+00:00","dateModified":"2025-03-28T13:48:03+00:00","breadcrumb":{"@id":"https:\/\/annesaussard.com\/politique-confidentialite\/#breadcrumb"},"inLanguage":"en-GB","potentialAction":[{"@type":"ReadAction","target":["https:\/\/annesaussard.com\/politique-confidentialite\/"]}]},{"@type":"BreadcrumbList","@id":"https:\/\/annesaussard.com\/politique-confidentialite\/#breadcrumb","itemListElement":[{"@type":"ListItem","position":1,"name":"Accueil","item":"https:\/\/annesaussard.com\/"},{"@type":"ListItem","position":2,"name":"Politique de confidentialit\u00e9"}]},{"@type":"WebSite","@id":"https:\/\/annesaussard.com\/#website","url":"https:\/\/annesaussard.com\/","name":"Anne Saussard","description":"R\u00e9flexologue \u00e0 Varsovie | Warszawa","publisher":{"@id":"https:\/\/annesaussard.com\/#organization"},"potentialAction":[{"@type":"SearchAction","target":{"@type":"EntryPoint","urlTemplate":"https:\/\/annesaussard.com\/?s={search_term_string}"},"query-input":{"@type":"PropertyValueSpecification","valueRequired":true,"valueName":"search_term_string"}}],"inLanguage":"en-GB"},{"@type":"Organization","@id":"https:\/\/annesaussard.com\/#organization","name":"Anne Saussard","url":"https:\/\/annesaussard.com\/","logo":{"@type":"ImageObject","inLanguage":"en-GB","@id":"https:\/\/annesaussard.com\/#\/schema\/logo\/image\/","url":"https:\/\/annesaussard.com\/wp-content\/uploads\/2025\/03\/logo-anne-saussard-reflexologue-varsovie-Warszawa.svg","contentUrl":"https:\/\/annesaussard.com\/wp-content\/uploads\/2025\/03\/logo-anne-saussard-reflexologue-varsovie-Warszawa.svg","width":1,"height":1,"caption":"Anne Saussard"},"image":{"@id":"https:\/\/annesaussard.com\/#\/schema\/logo\/image\/"},"sameAs":["https:\/\/www.facebook.com\/people\/AnneSaussardreflexologue\/61558524803595\/","https:\/\/www.instagram.com\/anne_saussard.reflexologue\/"]}]}},"_links":{"self":[{"href":"https:\/\/annesaussard.com\/en\/wp-json\/wp\/v2\/pages\/18","targetHints":{"allow":["GET"]}}],"collection":[{"href":"https:\/\/annesaussard.com\/en\/wp-json\/wp\/v2\/pages"}],"about":[{"href":"https:\/\/annesaussard.com\/en\/wp-json\/wp\/v2\/types\/page"}],"author":[{"embeddable":true,"href":"https:\/\/annesaussard.com\/en\/wp-json\/wp\/v2\/users\/1"}],"replies":[{"embeddable":true,"href":"https:\/\/annesaussard.com\/en\/wp-json\/wp\/v2\/comments?post=18"}],"version-history":[{"count":3,"href":"https:\/\/annesaussard.com\/en\/wp-json\/wp\/v2\/pages\/18\/revisions"}],"predecessor-version":[{"id":111,"href":"https:\/\/annesaussard.com\/en\/wp-json\/wp\/v2\/pages\/18\/revisions\/111"}],"wp:attachment":[{"href":"https:\/\/annesaussard.com\/en\/wp-json\/wp\/v2\/media?parent=18"}],"wp:term":[{"taxonomy":"dipi_cpt_category","embeddable":true,"href":"https:\/\/annesaussard.com\/en\/wp-json\/wp\/v2\/dipi_cpt_category?post=18"}],"curies":[{"name":"wp","href":"https:\/\/api.w.org\/{rel}","templated":true}]}}